{"id":6199,"date":"2024-11-09T17:22:13","date_gmt":"2024-11-09T16:22:13","guid":{"rendered":"https:\/\/www.pastamancini.com\/nonno-mariano-raccolto-2024\/"},"modified":"2024-12-02T13:22:41","modified_gmt":"2024-12-02T12:22:41","slug":"nonno-mariano-raccolto-2024","status":"publish","type":"page","link":"https:\/\/www.pastamancini.com\/es\/nonno-mariano-raccolto-2024\/","title":{"rendered":"Nonno Mariano Raccolto 2024"},"content":{"rendered":"\n<style>\n\n.wp-container-29 {\nbackground-color:#f0edec;\n}\n\n.wp-container-25 {\nmargin-bottom: -35px;\n}\n\n.wp-container-49  {\nmargin-bottom: -35px;\n}\n\n.wp-container-61  {\nmargin-bottom: -35px;\n}\n\n.wp-container-53 {\nbackground-color: #F0EDEC;\n}\n\n.wp-container-57 {\nbackground-color: #F0EDEC;\n    margin-top: -30px;\n}\n\n.titolo-NM24 {\n    color: #EE7800;\n}\n\ndiv#wrapper-navbar {\nposition:inherit!important;\nmargin-bottom: -150px!important;\n}\n\n.entry-header {\ndisplay:none;\n}\n\n.wp-block-columns {\npadding:5%;\n}\n\n.bg-primary {\nbackground-color: #ee7800!important;\n}\n\na.navbar-brand.custom-logo-link {\n    top: 4.3rem!important;\n}\n\n@media screen and (max-width: 991px) {\n#main-nav {\n    padding: 5rem 0 3rem 0;\n}\n\na.navbar-brand.custom-logo-link {\n    top: 0rem!important;\n}\n\ndiv#wrapper-navbar {\nposition:inherit!important;\nmargin-bottom: 0px!important;\n\n}\n}\n\n.block-NM {\nbackground-color: #ee7800!important;\n}\n\n\n<\/style>\n\n\n\n<video width=\"100%\" height=\"auto\" controls poster=\"\/wp-content\/uploads\/2024\/12\/NL_Banner-Nonno-Mariano-2024_es.jpg\">\n    <source src=\"\/wp-content\/uploads\/2024\/10\/2_Video_rettangolare_NM_2024.mp4\" type=\"video\/mp4\">\n    Your browser does not support the video tag.\n<\/video>\n\n\n\n<div style=\"height:38px\" aria-hidden=\"true\" class=\"wp-block-spacer\"><\/div>\n\n\n\n<div class=\"wp-block-columns is-layout-flex wp-container-4\">\n<div class=\"wp-block-column is-layout-flow\" style=\"flex-basis:25%\"><\/div>\n\n\n\n<div class=\"wp-block-column is-layout-flow\" style=\"flex-basis:55%\">\n<blockquote class=\"blockquote\">\n<p style=\"text-align: center;\"><em>\u00ab<\/em><em>Despu\u00e9s de las dificultades clim\u00e1ticas de las \u00faltimas dos temporadas, recordaremos el 2024 por sus aspectos positivos, que lo convirtieron en exactamente la cosecha que siempre deseamos: clima favorable y caracter\u00edsticas de color, aroma y equilibrio del trigo de las que estamos especialmente orgullosos y satisfechos.<\/em><strong><em>\u00ab<\/em><\/strong><\/p>\n<p style=\"text-align: center;\"><em>Si la cosecha pasada nos ha mostrado lo hermoso que es <strong>cultivar la tierra, <\/strong>tambi\u00e9n nos ha tra\u00eddo a la mente <strong>una ense\u00f1anza<\/strong> muy valiosa de mi abuelo <strong>Mariano<\/strong>: los invito a descubrirla en esta caja especial, junto a los <strong>Espaguetis Mancini<\/strong> de trigo <strong>\u201cNonno Mariano\u201d,<\/strong> hechos con solo 4 toneladas de una \u00fanica variedad de la <strong>Cosecha 2024&#8243;<\/strong><\/em><\/p>\n<\/blockquote>\n<h5 style=\"text-align: center;\"><strong>Massimo Mancini<\/strong><\/h5>\n<\/div>\n\n\n\n<div class=\"wp-block-column is-layout-flow\" style=\"flex-basis:25%\"><\/div>\n<\/div>\n\n\n\n<div style=\"height:38px\" aria-hidden=\"true\" class=\"wp-block-spacer\"><\/div>\n\n\n\n<div class=\"wp-block-columns is-layout-flex wp-container-8\">\n<div class=\"wp-block-column is-layout-flow\" style=\"flex-basis:15%\"><\/div>\n\n\n\n<div class=\"wp-block-column is-layout-flow\" style=\"flex-basis:35%\">\n<figure class=\"wp-block-image\"><img decoding=\"async\" src=\"\/wp-content\/uploads\/2024\/10\/Comp-1_4.gif\" alt=\"\" class=\"wp-image-5965\"\/><\/figure>\n<\/div>\n\n\n\n<div class=\"wp-block-column is-layout-flow\" style=\"flex-basis:35%\">\n<h2 class=\"wp-block-heading\"><strong>\u00ab<\/strong>La campagna ti mette giudizio<strong>\u00bb<\/strong><\/h2>\n\n\n\n<p>\u00abEl campo te hace m\u00e1s sabio\u00bb.<\/p>\n<p>Un renovado homenaje a Nonno Mariano en <strong>1000 y 105<\/strong> \u2013 como los a\u00f1os que vivi\u00f3 felizmente \u2013 cofres exclusivos numerados de <strong>Espaguetis monovarietales \u00abNonno Mariano\u00bb<\/strong>. Un tributo al trigo que lleva su nombre y a <strong>la belleza de la Cosecha 2024<\/strong>.\u00a0\u00a0<\/p>\n<p class=\"button-link-content\"><strong><a class=\"button-link\" href=\"https:\/\/shop.pastamancini.com\/es\/products\/nonno-mariano-raccolto-2024\"><span style=\"color: #ff6600;\">Compra ahora<\/span><\/a><\/strong><\/p>\n<\/div>\n<\/div>\n\n\n\n<div class=\"wp-block-columns is-layout-flex wp-container-12\">\n<div class=\"wp-block-column is-layout-flow\" style=\"flex-basis:15%\"><\/div>\n\n\n\n<div class=\"wp-block-column is-layout-flow\" style=\"flex-basis:70%\">\n<h2 class=\"wp-block-heading has-text-align-center titolo-NM24\"><strong>La historia de Nonno Mariano <\/strong><\/h2>\n<\/div>\n\n\n\n<div class=\"wp-block-column is-layout-flow\" style=\"flex-basis:15%\"><\/div>\n<\/div>\n\n\n\n<div class=\"wp-block-columns is-layout-flex wp-container-16\">\n<div class=\"wp-block-column is-layout-flow\" style=\"flex-basis:15%\"><\/div>\n\n\n\n<div class=\"wp-block-column is-layout-flow\" style=\"flex-basis:35%\">\n<h2 class=\"wp-block-heading\">El libro<\/h2>\n\n\n\n<p>Mariano Mancini (Monte San Pietrangeli, 1908 \u2013 2013) fue un agricultor curioso y un emprendedor innovador.<br \/>Tambi\u00e9n fue un abuelo cari\u00f1oso que comparti\u00f3 y transmiti\u00f3 sus pasiones a un nieto que quiso acogerlas.<br \/>En la mente de su nieto Massimo, fundador de Mancini Pastificio Agricolo, el abuelo Mariano seguramente plant\u00f3 una semilla.<br \/>Hoy Mariano Mancini es un recuerdo, pero no solo: tambi\u00e9n es una nueva variedad de trigo duro, \u201cNonno Mariano\u201d.<br \/>Desarrollada a partir de un proceso de investigaci\u00f3n que dur\u00f3 unos 7 a\u00f1os, esta variedad de trigo es el tributo a la historia del hombre que inspir\u00f3 el proyecto de Mancini Pastificio Agricolo.<br \/>Y todas las personas que est\u00e9n interesadas en conocer la historia de Nonno Mariano y la nuestra, la encontrar\u00e1n en esta caja en la que, adem\u00e1s, podr\u00e1n disfrutar de una muestra de esta pasta.<\/p>\n<p><a href=\"https:\/\/www.pastamancini.com\/wp-content\/uploads\/2024\/11\/NonnoMariano_libro_preview.pdf\"><span style=\"color: #ff6600;\">Lee un extracto del libro<\/span><\/a><\/p>\n<\/div>\n\n\n\n<div class=\"wp-block-column is-layout-flow\" style=\"flex-basis:35%\">\n<figure class=\"wp-block-image size-large\"><img decoding=\"async\" loading=\"lazy\" width=\"1024\" height=\"1024\" src=\"https:\/\/www.pastamancini.com\/wp-content\/uploads\/2024\/10\/NonnoMariano-book-eng-3-1024x1024.png\" alt=\"\" class=\"wp-image-5444\" srcset=\"https:\/\/www.pastamancini.com\/wp-content\/uploads\/2024\/10\/NonnoMariano-book-eng-3-1024x1024.png 1024w, https:\/\/www.pastamancini.com\/wp-content\/uploads\/2024\/10\/NonnoMariano-book-eng-3-300x300.png 300w, https:\/\/www.pastamancini.com\/wp-content\/uploads\/2024\/10\/NonnoMariano-book-eng-3-150x150.png 150w, https:\/\/www.pastamancini.com\/wp-content\/uploads\/2024\/10\/NonnoMariano-book-eng-3-768x768.png 768w, https:\/\/www.pastamancini.com\/wp-content\/uploads\/2024\/10\/NonnoMariano-book-eng-3.png 1080w\" sizes=\"(max-width: 1024px) 100vw, 1024px\" \/><\/figure>\n<\/div>\n<\/div>\n\n\n\n<div class=\"wp-block-cb-carousel cb-single-slide\" data-slick=\"{&quot;slidesToShow&quot;:1,&quot;slidesToScroll&quot;:1,&quot;speed&quot;:100,&quot;arrows&quot;:true,&quot;dots&quot;:true,&quot;autoplay&quot;:false,&quot;autoplaySpeed&quot;:3000,&quot;infinite&quot;:false,&quot;responsive&quot;:[{&quot;breakpoint&quot;:769,&quot;settings&quot;:{&quot;slidesToShow&quot;:1,&quot;slidesToScroll&quot;:1}}]}\">\n<div class=\"wp-block-cb-slide\">\n<div class=\"wp-block-columns is-layout-flex wp-container-20\">\n<div class=\"wp-block-column is-layout-flow\" style=\"flex-basis:15%\"><\/div>\n\n\n\n<div class=\"wp-block-column is-layout-flow\" style=\"flex-basis:35%\">\n<h2 class=\"wp-block-heading\">Cap\u00edtulo 1<\/h2>\n\n\n\n<h2 class=\"wp-block-heading\">Ciento cinco<\/h2>\n\n\n\n<p>\u201cNuestra pasi\u00f3n com\u00fan por la tierra fue el v\u00ednculo m\u00e1s fuerte entre mi abuelo y yo. Decid\u00ed que eso no va a cambiar, aunque hoy nos despedimos\u201d<\/p>\n<\/div>\n\n\n\n<div class=\"wp-block-column is-layout-flow\" style=\"flex-basis:35%\">\n<figure class=\"wp-block-image size-large\"><img decoding=\"async\" loading=\"lazy\" width=\"1024\" height=\"683\" src=\"https:\/\/www.pastamancini.com\/wp-content\/uploads\/2021\/11\/nonno-mariano-landini-1024x683.jpg\" alt=\"\" class=\"wp-image-1554\" srcset=\"https:\/\/www.pastamancini.com\/wp-content\/uploads\/2021\/11\/nonno-mariano-landini-1024x683.jpg 1024w, https:\/\/www.pastamancini.com\/wp-content\/uploads\/2021\/11\/nonno-mariano-landini-300x200.jpg 300w, https:\/\/www.pastamancini.com\/wp-content\/uploads\/2021\/11\/nonno-mariano-landini-768x512.jpg 768w, https:\/\/www.pastamancini.com\/wp-content\/uploads\/2021\/11\/nonno-mariano-landini.jpg 1080w\" sizes=\"(max-width: 1024px) 100vw, 1024px\" \/><\/figure>\n<\/div>\n<\/div>\n<\/div>\n\n\n\n<div class=\"wp-block-cb-slide\">\n<div class=\"wp-block-columns is-layout-flex wp-container-24\">\n<div class=\"wp-block-column is-layout-flow\" style=\"flex-basis:15%\"><\/div>\n\n\n\n<div class=\"wp-block-column is-layout-flow\" style=\"flex-basis:35%\">\n<h2 class=\"wp-block-heading\">Cap\u00edtulo 2<\/h2>\n\n\n\n<h2 class=\"wp-block-heading\">El todo es diferente a la suma de sus partes<\/h2>\n\n\n\n<p>\u00abUn agricultor no esparce sus semillas al azar y una herencia no necesariamente tiene que ser material.\u00bb<\/p>\n<\/div>\n\n\n\n<div class=\"wp-block-column is-layout-flow\" style=\"flex-basis:35%\">\n<figure class=\"wp-block-image size-large\"><img decoding=\"async\" loading=\"lazy\" width=\"1024\" height=\"683\" src=\"https:\/\/www.pastamancini.com\/wp-content\/uploads\/2021\/11\/nonno-mariano-capitolo-due-1024x683.jpg\" alt=\"\" class=\"wp-image-1557\" srcset=\"https:\/\/www.pastamancini.com\/wp-content\/uploads\/2021\/11\/nonno-mariano-capitolo-due-1024x683.jpg 1024w, https:\/\/www.pastamancini.com\/wp-content\/uploads\/2021\/11\/nonno-mariano-capitolo-due-300x200.jpg 300w, https:\/\/www.pastamancini.com\/wp-content\/uploads\/2021\/11\/nonno-mariano-capitolo-due-768x512.jpg 768w, https:\/\/www.pastamancini.com\/wp-content\/uploads\/2021\/11\/nonno-mariano-capitolo-due.jpg 1080w\" sizes=\"(max-width: 1024px) 100vw, 1024px\" \/><\/figure>\n<\/div>\n<\/div>\n<\/div>\n\n\n\n<div class=\"wp-block-cb-slide\">\n<div class=\"wp-block-columns is-layout-flex wp-container-28\">\n<div class=\"wp-block-column is-layout-flow\" style=\"flex-basis:15%\"><\/div>\n\n\n\n<div class=\"wp-block-column is-layout-flow\" style=\"flex-basis:35%\">\n<h2 class=\"wp-block-heading\">Cap\u00edtulo 3<\/h2>\n\n\n\n<h2 class=\"wp-block-heading\">Renacer como trigo<\/h2>\n\n\n\n<p>\u00abLo que fue una semilla para m\u00ed, ahora vuelve a ser una semilla para todos\u00bb<\/p>\n<\/div>\n\n\n\n<div class=\"wp-block-column is-layout-flow\" style=\"flex-basis:35%\">\n<figure class=\"wp-block-image size-large\"><img decoding=\"async\" loading=\"lazy\" width=\"1024\" height=\"683\" src=\"https:\/\/www.pastamancini.com\/wp-content\/uploads\/2021\/11\/capitolo-3-nonno-mariano-1024x683.jpg\" alt=\"\" class=\"wp-image-1568\" srcset=\"https:\/\/www.pastamancini.com\/wp-content\/uploads\/2021\/11\/capitolo-3-nonno-mariano-1024x683.jpg 1024w, https:\/\/www.pastamancini.com\/wp-content\/uploads\/2021\/11\/capitolo-3-nonno-mariano-300x200.jpg 300w, https:\/\/www.pastamancini.com\/wp-content\/uploads\/2021\/11\/capitolo-3-nonno-mariano-768x512.jpg 768w, https:\/\/www.pastamancini.com\/wp-content\/uploads\/2021\/11\/capitolo-3-nonno-mariano.jpg 1080w\" sizes=\"(max-width: 1024px) 100vw, 1024px\" \/><\/figure>\n<\/div>\n<\/div>\n<\/div>\n\n\n\n<div class=\"wp-block-cb-slide\">\n<div class=\"wp-block-columns is-layout-flex wp-container-32\">\n<div class=\"wp-block-column is-layout-flow\" style=\"flex-basis:15%\"><\/div>\n\n\n\n<div class=\"wp-block-column is-layout-flow\" style=\"flex-basis:35%\">\n<h2 class=\"wp-block-heading\">Cap\u00edtulo 4<\/h2>\n\n\n\n<h2 class=\"wp-block-heading\">Nonno Mariano es de todos<\/h2>\n\n\n\n<p>\u00abEspero que esta semilla despierte la curiosidad de la gente. Mi deseo es que sea un veh\u00edculo para contar nuestra historia y nuestra visi\u00f3n de la agricultura, y que sea una fuente de inspiraci\u00f3n como lo fue mi abuelo para m\u00ed.\u00bb<\/p>\n<\/div>\n\n\n\n<div class=\"wp-block-column is-layout-flow\" style=\"flex-basis:35%\">\n<figure class=\"wp-block-image size-large\"><img decoding=\"async\" loading=\"lazy\" width=\"1024\" height=\"682\" src=\"https:\/\/www.pastamancini.com\/wp-content\/uploads\/2021\/11\/capitolo-4-nonno-mariano-1024x682.jpg\" alt=\"\" class=\"wp-image-1570\" srcset=\"https:\/\/www.pastamancini.com\/wp-content\/uploads\/2021\/11\/capitolo-4-nonno-mariano-1024x682.jpg 1024w, https:\/\/www.pastamancini.com\/wp-content\/uploads\/2021\/11\/capitolo-4-nonno-mariano-300x200.jpg 300w, https:\/\/www.pastamancini.com\/wp-content\/uploads\/2021\/11\/capitolo-4-nonno-mariano-768x511.jpg 768w, https:\/\/www.pastamancini.com\/wp-content\/uploads\/2021\/11\/capitolo-4-nonno-mariano.jpg 1080w\" sizes=\"(max-width: 1024px) 100vw, 1024px\" \/><\/figure>\n<\/div>\n<\/div>\n<\/div>\n<\/div>\n\n\n\n<div style=\"height:36px\" aria-hidden=\"true\" class=\"wp-block-spacer\"><\/div>\n\n\n\n<div class=\"wp-block-columns is-layout-flex wp-container-36\">\n<div class=\"wp-block-column is-layout-flow\" style=\"flex-basis:15%\"><\/div>\n\n\n\n<div class=\"wp-block-column is-layout-flow\" style=\"flex-basis:70%\">\n<h2 class=\"wp-block-heading has-text-align-center titolo-NM24\">La variedad de trigo que lleva su nombre<\/h2>\n<\/div>\n\n\n\n<div class=\"wp-block-column is-layout-flow\" style=\"flex-basis:15%\"><\/div>\n<\/div>\n\n\n\n<div class=\"wp-block-columns is-layout-flex wp-container-40\">\n<div class=\"wp-block-column is-layout-flow\" style=\"flex-basis:15%\"><\/div>\n\n\n\n<div class=\"wp-block-column is-layout-flow\" style=\"flex-basis:35%\">\n<h2 class=\"wp-block-heading\">De una historia de familia nace una semilla universal. Nonno Mariano es de todos.<\/h2>\n\n\n\n<p>Una relaci\u00f3n especial la de Nonno Mariano y su nieto. Massimo Mancini se cuenta y comparte en esta entrevista c\u00f3mo la voluntad de honrar a su abuelo dio vida a un proyecto ambicioso: crear una nueva variedad de trigo que llevara su nombre.<\/p>\n<\/div>\n\n\n\n<div class=\"wp-block-column is-layout-flow\" style=\"flex-basis:35%\">\n<video width=\"100%\" height=\"auto\" controls playsinline poster=\"\/wp-content\/uploads\/2024\/11\/CopertinaMMancini.jpg\">\n    <source src=\"\/wp-content\/uploads\/2024\/11\/massimo_v4.mp4\" type=\"video\/mp4\">\n    Your browser does not support the video tag.\n<\/video>\n<\/div>\n<\/div>\n\n\n\n<div class=\"wp-block-columns is-layout-flex wp-container-44\">\n<div class=\"wp-block-column is-layout-flow\" style=\"flex-basis:15%\"><\/div>\n\n\n\n<div class=\"wp-block-column is-layout-flow\" style=\"flex-basis:35%\">\n<video width=\"100%\" height=\"auto\" controls playsinline poster=\"\/wp-content\/uploads\/2024\/11\/CopertinaOPorfiri.jpg\">\n    <source src=\"\/wp-content\/uploads\/2024\/11\/NM_Oriana2024-_720.mp4\" type=\"video\/mp4\">\n    Your browser does not support the video tag.\n<\/video>\n<\/div>\n\n\n\n<div class=\"wp-block-column is-layout-flow\" style=\"flex-basis:35%\">\n<h2 class=\"wp-block-heading\">El camino agron\u00f3mico hacia la variedad \u201cNonno Mariano\u201d<\/h2>\n\n\n\n<p>Oriana Porfiri, agr\u00f3noma genetista e importante experta italiana en cereales, hab\u00eda conocido a Nonno Mariano en una breve conversaci\u00f3n en el pastificio y qued\u00f3 fascinada. Fue ella, junto al equipo de I+D de CGS Sementi, quien acompa\u00f1\u00f3 a Massimo en la realizaci\u00f3n de este proyecto especial que dur\u00f3 7 a\u00f1os. En este v\u00eddeo repasa las etapas.<\/p>\n<\/div>\n<\/div>\n\n\n\n<div class=\"wp-block-columns is-layout-flex wp-container-48\">\n<div class=\"wp-block-column is-layout-flow\" style=\"flex-basis:15%\"><\/div>\n\n\n\n<div class=\"wp-block-column is-layout-flow\" style=\"flex-basis:70%\">\n<h2 class=\"wp-block-heading has-text-align-center titolo-NM24\"><strong>Una pasta que \u00ababraza\u00bb el trigo<\/strong><\/h2>\n<\/div>\n\n\n\n<div class=\"wp-block-column is-layout-flow\" style=\"flex-basis:15%\"><\/div>\n<\/div>\n\n\n\n<div class=\"wp-block-columns is-layout-flex wp-container-52\">\n<div class=\"wp-block-column is-layout-flow\" style=\"flex-basis:15%\"><\/div>\n\n\n\n<div class=\"wp-block-column is-layout-flow\" style=\"flex-basis:40%\">\n<figure class=\"wp-block-image size-large\"><img decoding=\"async\" loading=\"lazy\" width=\"1350\" height=\"1350\" class=\"wp-image-5210\" src=\"\/wp-content\/uploads\/2024\/10\/Gif_spaghettiNonnoMariano.gif\" alt=\"\"><\/figure>\n<\/div>\n\n\n\n<div class=\"wp-block-column is-layout-flow\" style=\"flex-basis:35%\">\n<h1 class=\"wp-block-heading\">Spaghetti<\/h1>\n\n\n\n<h4 class=\"wp-block-heading\"><strong>Nonno Mariano Cosecha 2024  <\/strong><\/h4>\n\n\n\n<p>Estos <strong>Spaghetti<\/strong> se producen exclusivamente a partir de <strong>s\u00e9mola de trigo duro semi-integral<\/strong> molida de la variedad de trigo duro <strong>\u00abNonno Mariano\u00bb<\/strong>. <strong>Trefilados en bronce y secados lentamente a bajas temperaturas<\/strong>, ofrecen una experiencia gustativa \u00fanica. El proceso de <strong>molienda con cilindros<\/strong> elimina las capas externas amargas del grano, dando como resultado una pasta delicadamente <strong>dulce y m\u00e1s rica en fibra<\/strong>, en comparaci\u00f3n con la elaborada con s\u00e9mola tradicional. En el paladar, se experimenta <strong>una sensaci\u00f3n de \u00ababrazar\u00bb el trigo,<\/strong> percibiendo un sabor enriquecido por notas a frutos secos y cereales tostados.<\/p>\n<p>La caja regalo de Spaghetti Nonno Mariano incluye 2 estuches extra\u00edbles de 750g, proporcionando un total de 1,5 kg de pasta.<\/p>\n\n\n\n<table style=\"width: 100%;\">\n<tbody>\n<tr>\n<td><img decoding=\"async\" src=\"https:\/\/www.pastamancini.com\/wp-content\/uploads\/2024\/10\/Tempo-di-cottura.png\" alt=\"\" \/><\/td>\n<td>Tiempo de cocci\u00f3n 8-10 min<\/td>\n<\/tr>\n<tr>\n<td><img decoding=\"async\" src=\"https:\/\/www.pastamancini.com\/wp-content\/uploads\/2024\/10\/Lunghezza.png\" alt=\"\" \/><\/td>\n<td>Longitud 260 mm<\/td>\n<\/tr>\n<tr>\n<td><img decoding=\"async\" src=\"https:\/\/www.pastamancini.com\/wp-content\/uploads\/2024\/10\/Diametro.png\" alt=\"\" \/><\/td>\n<td>Di\u00e1metro 2,2 mm<\/td>\n<\/tr>\n<\/tbody>\n<\/table>\n<\/div>\n<\/div>\n\n\n\n<div class=\"wp-block-columns titolo-NM24 is-layout-flex wp-container-54\">\n<div class=\"wp-block-column block-NM is-layout-flow\">\n<div class=\"container\">\n     <div class=\"container\">\n        <div class=\"row ipsType_center mt-lg-3\">\n    <div class=\"col-md-1\"><\/div>\n    <div class=\"col-md-10\">\n\t<div class=\"relevant-text pt-3 pb-lg-3\">\n\n\t<p style=\"color:#fff!important;\"> Spaghetti Nonno Mariano vuelven en una edici\u00f3n limitada exclusiva para celebrar la belleza de la Cosecha 2024 en la caja regalo \u00abLa campagna ti mette giudizio \/ El campo te hace mas sabio\u00bb<\/p>\n          <\/div>\n        <div class=\"col-md-4\"><\/div>\n\t<div class=\"btn-container-newsletter col-md-4 offset-md-4\">\n      <div class=\"button-link-content\">\n        <a href=\"https:\/\/shop.pastamancini.com\/es\/products\/nonno-mariano-raccolto-2024\" class=\"button-link big-button-link w-100\" target=\"_blank\" rel=\"noopener\">Compra ahora<\/a>\n      <\/div>\n\t  <\/div>\n    <\/div>\n    <div class=\"col-md-1\"><\/div>\n  <\/div>\n    <\/div>\n    <\/div>\n<\/div>\n<\/div>\n","protected":false},"excerpt":{"rendered":"<p>Your browser does not support the video tag. \u00abDespu\u00e9s de las dificultades clim\u00e1ticas de las \u00faltimas dos temporadas, recordaremos el 2024 por sus aspectos positivos, que lo convirtieron en exactamente la cosecha que siempre deseamos: clima favorable y caracter\u00edsticas de color, aroma y equilibrio del trigo de las que estamos especialmente orgullosos y satisfechos.\u00ab Si [&#8230;]<\/p>\n<p><a class=\"btn btn-secondary understrap-read-more-link\" href=\"https:\/\/www.pastamancini.com\/es\/nonno-mariano-raccolto-2024\/\">Leer m\u00e1s&#8230;<\/a><\/p>\n","protected":false},"author":2,"featured_media":0,"parent":0,"menu_order":0,"comment_status":"closed","ping_status":"closed","template":"page-templates\/empty.php","meta":{"inline_featured_image":false},"acf":[],"yoast_head":"<!-- This site is optimized with the Yoast SEO plugin v20.12 - https:\/\/yoast.com\/wordpress\/plugins\/seo\/ -->\n<title>Nonno Mariano Raccolto 2024 - Pasta Mancini<\/title>\n<meta name=\"robots\" content=\"index, follow, max-snippet:-1, max-image-preview:large, max-video-preview:-1\" \/>\n<link rel=\"canonical\" href=\"https:\/\/www.pastamancini.com\/es\/nonno-mariano-raccolto-2024\/\" \/>\n<meta property=\"og:locale\" content=\"es_ES\" \/>\n<meta property=\"og:type\" content=\"article\" \/>\n<meta property=\"og:title\" content=\"Nonno Mariano Raccolto 2024 - Pasta Mancini\" \/>\n<meta property=\"og:description\" content=\"Your browser does not support the video tag. \u00abDespu\u00e9s de las dificultades clim\u00e1ticas de las \u00faltimas dos temporadas, recordaremos el 2024 por sus aspectos positivos, que lo convirtieron en exactamente la cosecha que siempre deseamos: clima favorable y caracter\u00edsticas de color, aroma y equilibrio del trigo de las que estamos especialmente orgullosos y satisfechos.\u00ab Si [...]Leer m\u00e1s...\" \/>\n<meta property=\"og:url\" content=\"https:\/\/www.pastamancini.com\/es\/nonno-mariano-raccolto-2024\/\" \/>\n<meta property=\"og:site_name\" content=\"Pasta Mancini\" \/>\n<meta property=\"article:publisher\" content=\"https:\/\/www.facebook.com\/pastamancini\/\" \/>\n<meta property=\"article:modified_time\" content=\"2024-12-02T12:22:41+00:00\" \/>\n<meta property=\"og:image\" content=\"https:\/\/www.pastamancini.com\/wp-content\/uploads\/2024\/10\/NonnoMariano-book-eng-3-1024x1024.png\" \/>\n<meta name=\"twitter:card\" content=\"summary_large_image\" \/>\n<meta name=\"twitter:label1\" content=\"Tiempo de lectura\" \/>\n\t<meta name=\"twitter:data1\" content=\"6 minutos\" \/>\n<script type=\"application\/ld+json\" class=\"yoast-schema-graph\">{\"@context\":\"https:\/\/schema.org\",\"@graph\":[{\"@type\":\"WebPage\",\"@id\":\"https:\/\/www.pastamancini.com\/es\/nonno-mariano-raccolto-2024\/\",\"url\":\"https:\/\/www.pastamancini.com\/es\/nonno-mariano-raccolto-2024\/\",\"name\":\"Nonno Mariano Raccolto 2024 - Pasta Mancini\",\"isPartOf\":{\"@id\":\"https:\/\/www.pastamancini.com\/es\/#website\"},\"datePublished\":\"2024-11-09T16:22:13+00:00\",\"dateModified\":\"2024-12-02T12:22:41+00:00\",\"breadcrumb\":{\"@id\":\"https:\/\/www.pastamancini.com\/es\/nonno-mariano-raccolto-2024\/#breadcrumb\"},\"inLanguage\":\"es\",\"potentialAction\":[{\"@type\":\"ReadAction\",\"target\":[\"https:\/\/www.pastamancini.com\/es\/nonno-mariano-raccolto-2024\/\"]}]},{\"@type\":\"BreadcrumbList\",\"@id\":\"https:\/\/www.pastamancini.com\/es\/nonno-mariano-raccolto-2024\/#breadcrumb\",\"itemListElement\":[{\"@type\":\"ListItem\",\"position\":1,\"name\":\"Home\",\"item\":\"https:\/\/www.pastamancini.com\/es\/\"},{\"@type\":\"ListItem\",\"position\":2,\"name\":\"Nonno Mariano Raccolto 2024\"}]},{\"@type\":\"WebSite\",\"@id\":\"https:\/\/www.pastamancini.com\/es\/#website\",\"url\":\"https:\/\/www.pastamancini.com\/es\/\",\"name\":\"Pasta Mancini\",\"description\":\"Pasta Mancini: pasta artigianale italiana di qualit\u00e0. Coltivatori di grano dal 1938. Entra nel sito e scopri tutti i nostri prodotti.\",\"publisher\":{\"@id\":\"https:\/\/www.pastamancini.com\/es\/#organization\"},\"potentialAction\":[{\"@type\":\"SearchAction\",\"target\":{\"@type\":\"EntryPoint\",\"urlTemplate\":\"https:\/\/www.pastamancini.com\/es\/?s={search_term_string}\"},\"query-input\":\"required name=search_term_string\"}],\"inLanguage\":\"es\"},{\"@type\":\"Organization\",\"@id\":\"https:\/\/www.pastamancini.com\/es\/#organization\",\"name\":\"AZIENDA AGRICOLA MANCINI SOCIET\u00c0 AGRICOLA SRL\",\"url\":\"https:\/\/www.pastamancini.com\/es\/\",\"logo\":{\"@type\":\"ImageObject\",\"inLanguage\":\"es\",\"@id\":\"https:\/\/www.pastamancini.com\/es\/#\/schema\/logo\/image\/\",\"url\":\"https:\/\/www.pastamancini.com\/wp-content\/uploads\/2021\/11\/logo-social.jpg\",\"contentUrl\":\"https:\/\/www.pastamancini.com\/wp-content\/uploads\/2021\/11\/logo-social.jpg\",\"width\":228,\"height\":155,\"caption\":\"AZIENDA AGRICOLA MANCINI SOCIET\u00c0 AGRICOLA SRL\"},\"image\":{\"@id\":\"https:\/\/www.pastamancini.com\/es\/#\/schema\/logo\/image\/\"},\"sameAs\":[\"https:\/\/www.facebook.com\/pastamancini\/\",\"https:\/\/www.instagram.com\/pastamancini\/\",\"https:\/\/it.linkedin.com\/company\/mancini-pastificio-agricolo\/\"]}]}<\/script>\n<!-- \/ Yoast SEO plugin. -->","yoast_head_json":{"title":"Nonno Mariano Raccolto 2024 - Pasta Mancini","robots":{"index":"index","follow":"follow","max-snippet":"max-snippet:-1","max-image-preview":"max-image-preview:large","max-video-preview":"max-video-preview:-1"},"canonical":"https:\/\/www.pastamancini.com\/es\/nonno-mariano-raccolto-2024\/","og_locale":"es_ES","og_type":"article","og_title":"Nonno Mariano Raccolto 2024 - Pasta Mancini","og_description":"Your browser does not support the video tag. \u00abDespu\u00e9s de las dificultades clim\u00e1ticas de las \u00faltimas dos temporadas, recordaremos el 2024 por sus aspectos positivos, que lo convirtieron en exactamente la cosecha que siempre deseamos: clima favorable y caracter\u00edsticas de color, aroma y equilibrio del trigo de las que estamos especialmente orgullosos y satisfechos.\u00ab Si [...]Leer m\u00e1s...","og_url":"https:\/\/www.pastamancini.com\/es\/nonno-mariano-raccolto-2024\/","og_site_name":"Pasta Mancini","article_publisher":"https:\/\/www.facebook.com\/pastamancini\/","article_modified_time":"2024-12-02T12:22:41+00:00","og_image":[{"url":"https:\/\/www.pastamancini.com\/wp-content\/uploads\/2024\/10\/NonnoMariano-book-eng-3-1024x1024.png"}],"twitter_card":"summary_large_image","twitter_misc":{"Tiempo de lectura":"6 minutos"},"schema":{"@context":"https:\/\/schema.org","@graph":[{"@type":"WebPage","@id":"https:\/\/www.pastamancini.com\/es\/nonno-mariano-raccolto-2024\/","url":"https:\/\/www.pastamancini.com\/es\/nonno-mariano-raccolto-2024\/","name":"Nonno Mariano Raccolto 2024 - Pasta Mancini","isPartOf":{"@id":"https:\/\/www.pastamancini.com\/es\/#website"},"datePublished":"2024-11-09T16:22:13+00:00","dateModified":"2024-12-02T12:22:41+00:00","breadcrumb":{"@id":"https:\/\/www.pastamancini.com\/es\/nonno-mariano-raccolto-2024\/#breadcrumb"},"inLanguage":"es","potentialAction":[{"@type":"ReadAction","target":["https:\/\/www.pastamancini.com\/es\/nonno-mariano-raccolto-2024\/"]}]},{"@type":"BreadcrumbList","@id":"https:\/\/www.pastamancini.com\/es\/nonno-mariano-raccolto-2024\/#breadcrumb","itemListElement":[{"@type":"ListItem","position":1,"name":"Home","item":"https:\/\/www.pastamancini.com\/es\/"},{"@type":"ListItem","position":2,"name":"Nonno Mariano Raccolto 2024"}]},{"@type":"WebSite","@id":"https:\/\/www.pastamancini.com\/es\/#website","url":"https:\/\/www.pastamancini.com\/es\/","name":"Pasta Mancini","description":"Pasta Mancini: pasta artigianale italiana di qualit\u00e0. Coltivatori di grano dal 1938. Entra nel sito e scopri tutti i nostri prodotti.","publisher":{"@id":"https:\/\/www.pastamancini.com\/es\/#organization"},"potentialAction":[{"@type":"SearchAction","target":{"@type":"EntryPoint","urlTemplate":"https:\/\/www.pastamancini.com\/es\/?s={search_term_string}"},"query-input":"required name=search_term_string"}],"inLanguage":"es"},{"@type":"Organization","@id":"https:\/\/www.pastamancini.com\/es\/#organization","name":"AZIENDA AGRICOLA MANCINI SOCIET\u00c0 AGRICOLA SRL","url":"https:\/\/www.pastamancini.com\/es\/","logo":{"@type":"ImageObject","inLanguage":"es","@id":"https:\/\/www.pastamancini.com\/es\/#\/schema\/logo\/image\/","url":"https:\/\/www.pastamancini.com\/wp-content\/uploads\/2021\/11\/logo-social.jpg","contentUrl":"https:\/\/www.pastamancini.com\/wp-content\/uploads\/2021\/11\/logo-social.jpg","width":228,"height":155,"caption":"AZIENDA AGRICOLA MANCINI SOCIET\u00c0 AGRICOLA SRL"},"image":{"@id":"https:\/\/www.pastamancini.com\/es\/#\/schema\/logo\/image\/"},"sameAs":["https:\/\/www.facebook.com\/pastamancini\/","https:\/\/www.instagram.com\/pastamancini\/","https:\/\/it.linkedin.com\/company\/mancini-pastificio-agricolo\/"]}]}},"_links":{"self":[{"href":"https:\/\/www.pastamancini.com\/es\/wp-json\/wp\/v2\/pages\/6199"}],"collection":[{"href":"https:\/\/www.pastamancini.com\/es\/wp-json\/wp\/v2\/pages"}],"about":[{"href":"https:\/\/www.pastamancini.com\/es\/wp-json\/wp\/v2\/types\/page"}],"author":[{"embeddable":true,"href":"https:\/\/www.pastamancini.com\/es\/wp-json\/wp\/v2\/users\/2"}],"replies":[{"embeddable":true,"href":"https:\/\/www.pastamancini.com\/es\/wp-json\/wp\/v2\/comments?post=6199"}],"version-history":[{"count":6,"href":"https:\/\/www.pastamancini.com\/es\/wp-json\/wp\/v2\/pages\/6199\/revisions"}],"predecessor-version":[{"id":6217,"href":"https:\/\/www.pastamancini.com\/es\/wp-json\/wp\/v2\/pages\/6199\/revisions\/6217"}],"wp:attachment":[{"href":"https:\/\/www.pastamancini.com\/es\/wp-json\/wp\/v2\/media?parent=6199"}],"curies":[{"name":"wp","href":"https:\/\/api.w.org\/{rel}","templated":true}]}}