{"id":6223,"date":"2025-02-11T16:04:20","date_gmt":"2025-02-11T15:04:20","guid":{"rendered":"https:\/\/www.pastamancini.com\/?page_id=6223"},"modified":"2025-05-19T12:16:28","modified_gmt":"2025-05-19T10:16:28","slug":"pasta-mista","status":"publish","type":"page","link":"https:\/\/www.pastamancini.com\/es\/pasta-mista\/","title":{"rendered":"Mista Mancini"},"content":{"rendered":"\n<style>\n\n@media only screen and (min-width:768px){\n   .view-mobile {\n   display:none;\n   }\n}\n\n\n@media only screen and (max-width:767px){\n   .view-desktop {\n   display:none;\n   }\n}\n\n.backgrounD-Mancio {\nbackground-image: url(\"\/wp-content\/uploads\/2025\/02\/Sketch_Mista_Mancini_Margehrita-dotti_2000.jpg\");\n    background-position: center;      \/* center the image *\/\n    background-size: cover;\n}\n\n\n\n.bg-primary {\nbackground-color: transparent!important;\n}\n\n#main-nav .navbar-nav .nav-link {\n    color: #fff;\n    font-weight: bold;\n}\n\n\/* Effetto fade-in da sinistra *\/\n.fade-in-left {\n    opacity: 0;\n    transform: translateX(-150px);\n    transition: opacity 1s ease-out, transform 1s ease-out;\n}\n\n\/* Effetto fade-in da destra *\/\n.fade-in-right {\n    opacity: 0;\n    transform: translateX(150px);\n    transition: opacity 1s ease-out, transform 1s ease-out;\n}\n\n\/* Effetto fade-in dall\u2019alto *\/\n.fade-in-top {\n    opacity: 0;\n    transform: translateY(-150px);\n    transition: opacity 1s ease-out, transform 1s ease-out;\n}\n\n\/* Classe che attiva l'effetto *\/\n.appear {\n    opacity: 1;\n    transform: translateX(0) translateY(0);\n\n}\n\n.wp-container-2 {\n    margin-top: 5%;\n}\n.wp-container-13 {\nmargin-top: -10px;\n}\n\n.wp-container-23 {\n    text-align: center !important;\n    font-weight: bold;\n}\n\n.wp-container-10 {\n    margin-top: 5%;\n}\n\n\n.wp-container-53 {\n    text-align:center;\n}\n\n\n\n.titolo-NM24 {\n    color: #EE7800;\nfont-weight: bold;\n}\n\ndiv#wrapper-navbar {\nposition:inherit!important;\nmargin-bottom: -180px!important;\n}\n\n.entry-header {\ndisplay:none;\n}\n\n.wp-block-columns {\npadding:1% 5% 1% 5%;\n}\n\n.wp-container-59 {\npadding:inherit;\n}\n\n.wp-container-61 {\ntext-align:center;\n}\n\n.block-NM {\nbackground-color: #ee7800!important;\n}\n\na.navbar-brand.custom-logo-link {\n    top: 4.3rem!important;\n}\n\n@media screen and (max-width: 991px) {\n#main-nav {\n    padding: 5rem 0 3rem 0;\n}\n\na.navbar-brand.custom-logo-link {\n    top: 0rem!important;\n}\n\ndiv#wrapper-navbar {\nposition:inherit!important;\nmargin-bottom: 0px!important;\n\n}\n}\n\n<\/style>\n\n<script>\n    document.addEventListener(\"DOMContentLoaded\", function () {\n        let elements = document.querySelectorAll(\".fade-in-left, .fade-in-right, .fade-in-top\");\n\n        let observer = new IntersectionObserver((entries) => {\n            entries.forEach((entry) => {\n                if (entry.isIntersecting) {\n                    entry.target.classList.add(\"appear\");\n                }\n            });\n        });\n\n        elements.forEach((el) => observer.observe(el));\n    });\n<\/script>\n\n\n\n<div class=\"view-desktop\" style=\"margin-top:-180px;\">\r\n<video width=\"100%\" height=\"auto\" autoplay loop muted poster=\"\/wp-content\/uploads\/2025\/02\/Preview-Header-Mista-Desktop.png\">\r\n <source src=\"\/wp-content\/uploads\/2025\/02\/Mancini_Mista_header_desktop.mp4\" type=\"video\/mp4\">\r\n    Your browser does not support the video tag.\r\n<\/video>\r\n<\/div>\n\n\n\n<div class=\"view-mobile\" style=\"margin-top:-160px;\">\r\n<video width=\"100%\" height=\"auto\" autoplay loop muted playsinline poster=\"\/wp-content\/uploads\/2025\/02\/Mancini-Prev-Header-Pasta-Mista_mob.jpg\">\r\n <source src=\"\/wp-content\/uploads\/2025\/02\/Header-Mista_480P.mp4\" type=\"video\/mp4\">\r\n    Your browser does not support the video tag.\r\n<\/video>\r\n<\/div>\n\n\n\n<div class=\"wp-block-columns fade-in-right is-layout-flex wp-container-2\">\n<div class=\"wp-block-column fade-in-right is-layout-flow\" style=\"flex-basis:100%\">\n<h1 class=\"wp-block-heading has-text-align-center titolo-NM24 fade-in-left\">SIN FORMA, LA PASTA NO EXISTE<\/h1>\n<\/div>\n<\/div>\n\n\n\n<div class=\"wp-block-columns are-vertically-aligned-center is-layout-flex wp-container-5\">\n<div class=\"wp-block-column is-vertically-aligned-center fade-in-left is-layout-flow\" style=\"flex-basis:45%\">\n<h2 data-sourcepos=\"12:1-13:75\">Consistencias, grosores y dimensiones de <strong>7 geometr\u00edas<\/strong> se combinan en el paladar en una combinaci\u00f3n siempre diferente, especialmente estudiada para estimular <strong>sensaciones gastron\u00f3micas \u00fanicas.<\/strong><\/h2>\n<p>\u00a0<\/p>\n<h2 data-sourcepos=\"12:1-13:75\">En la pasta, la <strong>forma<\/strong> gu\u00eda el sabor;\u00a0en la pasta, la forma es <strong>sustancia<\/strong>.<\/h2>\n<h2>\u00a0<\/h2>\n<h2 class=\"cvGsUA direction-ltr align-start para-style-body\"><span style=\"color: #ff6600;\"><strong><span class=\"OYPEnA font-feature-liga-off font-feature-clig-off font-feature-calt-off text-decoration-none text-strikethrough-none\">De aqu<\/span><span class=\"OYPEnA font-feature-liga-off font-feature-clig-off font-feature-calt-off text-decoration-none text-strikethrough-none\">\u00ed nace la nueva Mista Mancini.\u00a0<\/span><span class=\"OYPEnA font-feature-liga-off font-feature-clig-off font-feature-calt-off text-decoration-none text-strikethrough-none\"><br \/><\/span><\/strong><\/span><\/h2>\n<p>\u00a0<\/p>\n<p class=\"button-link-content\"><strong><a class=\"button-link\" style=\"margin-right: 20px; margin-bottom: 20px; width: 300px; text-align: center;\" href=\"https:\/\/shop.pastamancini.com\/es\/products\/mista\"><span style=\"color: #ee7800;\">Compra ahora <\/span><\/a><a class=\"button-link\" style=\"margin-right: 20px; margin-bottom: 20px; width: 300px; text-align: center;\" href=\"https:\/\/www.pastamancini.com\/es\/recetas-pasta-mista\/\">Descubre las recetas<\/a><\/strong><\/p>\n<p>\u00a0<\/p>\n<\/div>\n\n\n\n<div class=\"wp-block-column is-vertically-aligned-center fade-in-right is-layout-flow\" style=\"flex-basis:55%\">\n<figure class=\"wp-block-image size-large\"><img decoding=\"async\" loading=\"lazy\" width=\"1024\" height=\"1024\" src=\"https:\/\/www.pastamancini.com\/wp-content\/uploads\/2025\/01\/Composizione1-mista-1024x1024.png\" alt=\"\" class=\"wp-image-6238\" srcset=\"https:\/\/www.pastamancini.com\/wp-content\/uploads\/2025\/01\/Composizione1-mista-1024x1024.png 1024w, https:\/\/www.pastamancini.com\/wp-content\/uploads\/2025\/01\/Composizione1-mista-300x300.png 300w, https:\/\/www.pastamancini.com\/wp-content\/uploads\/2025\/01\/Composizione1-mista-150x150.png 150w, https:\/\/www.pastamancini.com\/wp-content\/uploads\/2025\/01\/Composizione1-mista-768x768.png 768w, https:\/\/www.pastamancini.com\/wp-content\/uploads\/2025\/01\/Composizione1-mista.png 1350w\" sizes=\"(max-width: 1024px) 100vw, 1024px\" \/><\/figure>\n<\/div>\n<\/div>\n\n\n\n<div class=\"wp-block-columns is-layout-flex wp-container-7\">\n<div class=\"wp-block-column fade-in-left is-layout-flow\" style=\"flex-basis:100%\">\n<h1 class=\"wp-block-heading has-text-align-center titolo-NM24\">Los 7 formatos<\/h1>\n<\/div>\n<\/div>\n\n\n\n<div class=\"wp-block-columns fade-in-right is-layout-flex wp-container-15\">\n<div class=\"wp-block-column is-layout-flow\" style=\"flex-basis:14.5%\">\n<figure class=\"wp-block-image size-medium\"><img decoding=\"async\" loading=\"lazy\" width=\"300\" height=\"300\" src=\"https:\/\/www.pastamancini.com\/wp-content\/uploads\/2025\/01\/PastaMancini_Mista_Maccherone_quadrato-300x300.png\" alt=\"\" class=\"wp-image-6330\" srcset=\"https:\/\/www.pastamancini.com\/wp-content\/uploads\/2025\/01\/PastaMancini_Mista_Maccherone_quadrato-300x300.png 300w, https:\/\/www.pastamancini.com\/wp-content\/uploads\/2025\/01\/PastaMancini_Mista_Maccherone_quadrato-1024x1024.png 1024w, https:\/\/www.pastamancini.com\/wp-content\/uploads\/2025\/01\/PastaMancini_Mista_Maccherone_quadrato-150x150.png 150w, https:\/\/www.pastamancini.com\/wp-content\/uploads\/2025\/01\/PastaMancini_Mista_Maccherone_quadrato-768x768.png 768w, https:\/\/www.pastamancini.com\/wp-content\/uploads\/2025\/01\/PastaMancini_Mista_Maccherone_quadrato.png 1350w\" sizes=\"(max-width: 300px) 100vw, 300px\" \/><\/figure>\n\n\n\n<p class=\"has-medium-font-size\">Maccherone cuadrado<\/p>\n<\/div>\n\n\n\n<div class=\"wp-block-column is-layout-flow\" style=\"flex-basis:14.3%\">\n<figure class=\"wp-block-image size-medium\"><img decoding=\"async\" loading=\"lazy\" width=\"300\" height=\"300\" src=\"https:\/\/www.pastamancini.com\/wp-content\/uploads\/2025\/01\/PastaMancini_Mista_Fusillone-300x300.png\" alt=\"\" class=\"wp-image-6320\" srcset=\"https:\/\/www.pastamancini.com\/wp-content\/uploads\/2025\/01\/PastaMancini_Mista_Fusillone-300x300.png 300w, https:\/\/www.pastamancini.com\/wp-content\/uploads\/2025\/01\/PastaMancini_Mista_Fusillone-1024x1024.png 1024w, https:\/\/www.pastamancini.com\/wp-content\/uploads\/2025\/01\/PastaMancini_Mista_Fusillone-150x150.png 150w, https:\/\/www.pastamancini.com\/wp-content\/uploads\/2025\/01\/PastaMancini_Mista_Fusillone-768x768.png 768w, https:\/\/www.pastamancini.com\/wp-content\/uploads\/2025\/01\/PastaMancini_Mista_Fusillone.png 1350w\" sizes=\"(max-width: 300px) 100vw, 300px\" \/><\/figure>\n\n\n\n<p class=\"has-medium-font-size\">Fusillone<\/p>\n<\/div>\n\n\n\n<div class=\"wp-block-column is-layout-flow\" style=\"flex-basis:14.3%\">\n<figure class=\"wp-block-image size-medium\"><img decoding=\"async\" loading=\"lazy\" width=\"300\" height=\"300\" src=\"https:\/\/www.pastamancini.com\/wp-content\/uploads\/2025\/01\/PastaMancini_Mista_Mafaldina-300x300.png\" alt=\"\" class=\"wp-image-6335\" srcset=\"https:\/\/www.pastamancini.com\/wp-content\/uploads\/2025\/01\/PastaMancini_Mista_Mafaldina-300x300.png 300w, https:\/\/www.pastamancini.com\/wp-content\/uploads\/2025\/01\/PastaMancini_Mista_Mafaldina-1024x1024.png 1024w, https:\/\/www.pastamancini.com\/wp-content\/uploads\/2025\/01\/PastaMancini_Mista_Mafaldina-150x150.png 150w, https:\/\/www.pastamancini.com\/wp-content\/uploads\/2025\/01\/PastaMancini_Mista_Mafaldina-768x768.png 768w, https:\/\/www.pastamancini.com\/wp-content\/uploads\/2025\/01\/PastaMancini_Mista_Mafaldina.png 1350w\" sizes=\"(max-width: 300px) 100vw, 300px\" \/><\/figure>\n\n\n\n<p class=\"has-medium-font-size\">Mafaldina<\/p>\n<\/div>\n\n\n\n<div class=\"wp-block-column is-layout-flow\" style=\"flex-basis:14.3%\">\n<figure class=\"wp-block-image size-medium\"><img decoding=\"async\" loading=\"lazy\" width=\"300\" height=\"300\" src=\"https:\/\/www.pastamancini.com\/wp-content\/uploads\/2025\/01\/PastaMancini_Mista_Spaghetto-300x300.png\" alt=\"\" class=\"wp-image-6340\" srcset=\"https:\/\/www.pastamancini.com\/wp-content\/uploads\/2025\/01\/PastaMancini_Mista_Spaghetto-300x300.png 300w, https:\/\/www.pastamancini.com\/wp-content\/uploads\/2025\/01\/PastaMancini_Mista_Spaghetto-1024x1024.png 1024w, https:\/\/www.pastamancini.com\/wp-content\/uploads\/2025\/01\/PastaMancini_Mista_Spaghetto-150x150.png 150w, https:\/\/www.pastamancini.com\/wp-content\/uploads\/2025\/01\/PastaMancini_Mista_Spaghetto-768x768.png 768w, https:\/\/www.pastamancini.com\/wp-content\/uploads\/2025\/01\/PastaMancini_Mista_Spaghetto.png 1350w\" sizes=\"(max-width: 300px) 100vw, 300px\" \/><\/figure>\n\n\n\n<p class=\"has-medium-font-size\">Spaghetto<\/p>\n<\/div>\n\n\n\n<div class=\"wp-block-column is-layout-flow\" style=\"flex-basis:14.3%\">\n<figure class=\"wp-block-image size-medium\"><img decoding=\"async\" loading=\"lazy\" width=\"300\" height=\"300\" src=\"https:\/\/www.pastamancini.com\/wp-content\/uploads\/2025\/01\/PastaMancini_Mista_Casareccia-300x300.png\" alt=\"\" class=\"wp-image-6315\" srcset=\"https:\/\/www.pastamancini.com\/wp-content\/uploads\/2025\/01\/PastaMancini_Mista_Casareccia-300x300.png 300w, https:\/\/www.pastamancini.com\/wp-content\/uploads\/2025\/01\/PastaMancini_Mista_Casareccia-1024x1024.png 1024w, https:\/\/www.pastamancini.com\/wp-content\/uploads\/2025\/01\/PastaMancini_Mista_Casareccia-150x150.png 150w, https:\/\/www.pastamancini.com\/wp-content\/uploads\/2025\/01\/PastaMancini_Mista_Casareccia-768x768.png 768w, https:\/\/www.pastamancini.com\/wp-content\/uploads\/2025\/01\/PastaMancini_Mista_Casareccia.png 1350w\" sizes=\"(max-width: 300px) 100vw, 300px\" \/><\/figure>\n\n\n\n<p class=\"has-medium-font-size\">Casareccia<\/p>\n<\/div>\n\n\n\n<div class=\"wp-block-column has-x-large-font-size is-layout-flow\" style=\"flex-basis:14.3%\">\n<figure class=\"wp-block-image size-medium\"><img decoding=\"async\" loading=\"lazy\" width=\"300\" height=\"300\" src=\"https:\/\/www.pastamancini.com\/wp-content\/uploads\/2025\/01\/PastaMancini_Mista_Linguina-300x300.png\" alt=\"\" class=\"wp-image-6325\" srcset=\"https:\/\/www.pastamancini.com\/wp-content\/uploads\/2025\/01\/PastaMancini_Mista_Linguina-300x300.png 300w, https:\/\/www.pastamancini.com\/wp-content\/uploads\/2025\/01\/PastaMancini_Mista_Linguina-1024x1024.png 1024w, https:\/\/www.pastamancini.com\/wp-content\/uploads\/2025\/01\/PastaMancini_Mista_Linguina-150x150.png 150w, https:\/\/www.pastamancini.com\/wp-content\/uploads\/2025\/01\/PastaMancini_Mista_Linguina-768x768.png 768w, https:\/\/www.pastamancini.com\/wp-content\/uploads\/2025\/01\/PastaMancini_Mista_Linguina.png 1350w\" sizes=\"(max-width: 300px) 100vw, 300px\" \/><\/figure>\n\n\n\n<p class=\"has-medium-font-size\">Linguina<\/p>\n<\/div>\n\n\n\n<div class=\"wp-block-column is-layout-flow\" style=\"flex-basis:14.3%\">\n<figure class=\"wp-block-image size-medium\"><img decoding=\"async\" loading=\"lazy\" width=\"300\" height=\"300\" src=\"https:\/\/www.pastamancini.com\/wp-content\/uploads\/2025\/01\/PastaMancini_Mista_Candela-300x300.png\" alt=\"\" class=\"wp-image-6310\" srcset=\"https:\/\/www.pastamancini.com\/wp-content\/uploads\/2025\/01\/PastaMancini_Mista_Candela-300x300.png 300w, https:\/\/www.pastamancini.com\/wp-content\/uploads\/2025\/01\/PastaMancini_Mista_Candela-1024x1024.png 1024w, https:\/\/www.pastamancini.com\/wp-content\/uploads\/2025\/01\/PastaMancini_Mista_Candela-150x150.png 150w, https:\/\/www.pastamancini.com\/wp-content\/uploads\/2025\/01\/PastaMancini_Mista_Candela-768x768.png 768w, https:\/\/www.pastamancini.com\/wp-content\/uploads\/2025\/01\/PastaMancini_Mista_Candela.png 1350w\" sizes=\"(max-width: 300px) 100vw, 300px\" \/><\/figure>\n\n\n\n<p class=\"has-medium-font-size\">Candela<\/p>\n<\/div>\n<\/div>\n\n\n\n<div style=\"height:13px\" aria-hidden=\"true\" class=\"wp-block-spacer\"><\/div>\n\n\n\n<div class=\"wp-block-cb-carousel cb-single-slide\" data-slick=\"{&quot;slidesToShow&quot;:1,&quot;slidesToScroll&quot;:1,&quot;speed&quot;:150,&quot;arrows&quot;:true,&quot;dots&quot;:true,&quot;autoplay&quot;:false,&quot;autoplaySpeed&quot;:3000,&quot;infinite&quot;:false,&quot;rtl&quot;:false,&quot;responsive&quot;:[{&quot;breakpoint&quot;:769,&quot;settings&quot;:{&quot;slidesToShow&quot;:1,&quot;slidesToScroll&quot;:1}}]}\">\n<div class=\"wp-block-cb-slide\">\n<div class=\"wp-block-columns is-layout-flex wp-container-18\">\n<div class=\"wp-block-column is-layout-flow\" style=\"flex-basis:50%\">\n<h2 class=\"wp-block-heading\">Formato 1\/7<\/h2>\n\n\n\n<h2 class=\"wp-block-heading titolo-NM24\">Maccherone cuadrado<\/h2>\n\n\n\n<h4>La cuadratura de su secci\u00f3n a\u00f1ade una forma ins\u00f3lita tanto a la vista del plato como a la percepci\u00f3n en el paladar. Una forma angulosa pero fundente al morder que consigue mantenerse a pesar de la cocci\u00f3n de la pasta.<\/h4>\n<h6>&nbsp;<\/h6>\n<p><\/p>\n<h6>ELEMENTO DE INSPIRACI\u00d3N: Cuadrado<\/h6>\n<h6>LONGITUD: 33 mm<\/h6>\n<h6>DI\u00c1METRO SECCI\u00d3N: 11,3 mm<\/h6>\n<\/div>\n\n\n\n<div class=\"wp-block-column is-layout-flow\" style=\"flex-basis:50%\">\n<figure class=\"wp-block-image size-large\"><img decoding=\"async\" loading=\"lazy\" width=\"1024\" height=\"682\" src=\"https:\/\/www.pastamancini.com\/wp-content\/uploads\/2025\/01\/Mancini_Mista_Maccherone-quadro_comb-1024x682.jpg\" alt=\"\" class=\"wp-image-6490\" srcset=\"https:\/\/www.pastamancini.com\/wp-content\/uploads\/2025\/01\/Mancini_Mista_Maccherone-quadro_comb-1024x682.jpg 1024w, https:\/\/www.pastamancini.com\/wp-content\/uploads\/2025\/01\/Mancini_Mista_Maccherone-quadro_comb-300x200.jpg 300w, https:\/\/www.pastamancini.com\/wp-content\/uploads\/2025\/01\/Mancini_Mista_Maccherone-quadro_comb-768x512.jpg 768w, https:\/\/www.pastamancini.com\/wp-content\/uploads\/2025\/01\/Mancini_Mista_Maccherone-quadro_comb-1536x1024.jpg 1536w, https:\/\/www.pastamancini.com\/wp-content\/uploads\/2025\/01\/Mancini_Mista_Maccherone-quadro_comb.jpg 2000w\" sizes=\"(max-width: 1024px) 100vw, 1024px\" \/><\/figure>\n<\/div>\n<\/div>\n<\/div>\n\n\n\n<div class=\"wp-block-cb-slide\">\n<div class=\"wp-block-columns is-layout-flex wp-container-21\">\n<div class=\"wp-block-column is-layout-flow\" style=\"flex-basis:50%\">\n<h2 class=\"wp-block-heading\">Formato 2\/7<\/h2>\n\n\n\n<h2 class=\"wp-block-heading titolo-NM24\">Fusillone<\/h2>\n\n\n\n<h4>Una h\u00e9lice de dimensiones pronunciadas y constituida por 3 l\u00f3bulos estudiada para maximizar su \u00abatornillado\u00bb con la salsa. Una vez cocida, revela una consistencia homog\u00e9nea entre las partes de la espiral, literalmente en equilibrio entre el interior y el exterior de la pasta.<\/h4>\n<h6>&nbsp;<\/h6>\n<h6>ELEMENTO DE INSPIRACI\u00d3N: H\u00e9lice&nbsp;&nbsp;<\/h6>\n<h6>LONGITUD: 32 mm<\/h6>\n<h6>DI\u00c1METRO: 16&nbsp;mm<\/h6>\n<\/div>\n\n\n\n<div class=\"wp-block-column is-layout-flow\" style=\"flex-basis:50%\">\n<figure class=\"wp-block-image size-large\"><img decoding=\"async\" loading=\"lazy\" width=\"1024\" height=\"682\" src=\"https:\/\/www.pastamancini.com\/wp-content\/uploads\/2025\/01\/Mancini_Mista_Fusillone_comb-1024x682.jpg\" alt=\"\" class=\"wp-image-6495\" srcset=\"https:\/\/www.pastamancini.com\/wp-content\/uploads\/2025\/01\/Mancini_Mista_Fusillone_comb-1024x682.jpg 1024w, https:\/\/www.pastamancini.com\/wp-content\/uploads\/2025\/01\/Mancini_Mista_Fusillone_comb-300x200.jpg 300w, https:\/\/www.pastamancini.com\/wp-content\/uploads\/2025\/01\/Mancini_Mista_Fusillone_comb-768x512.jpg 768w, https:\/\/www.pastamancini.com\/wp-content\/uploads\/2025\/01\/Mancini_Mista_Fusillone_comb-1536x1024.jpg 1536w, https:\/\/www.pastamancini.com\/wp-content\/uploads\/2025\/01\/Mancini_Mista_Fusillone_comb.jpg 2000w\" sizes=\"(max-width: 1024px) 100vw, 1024px\" \/><\/figure>\n<\/div>\n<\/div>\n<\/div>\n\n\n\n<div class=\"wp-block-cb-slide\">\n<div class=\"wp-block-columns is-layout-flex wp-container-24\">\n<div class=\"wp-block-column is-layout-flow\" style=\"flex-basis:50%\">\n<h2 class=\"wp-block-heading\">Formato 3\/7<\/h2>\n\n\n\n<h2 class=\"wp-block-heading titolo-NM24\">Mafaldina<\/h2>\n\n\n\n<h4>Peque\u00f1as pero bien definidas ondas de pasta se deslizan sobre la lengua, mantenidas juntas por un cuerpo central liso y firme gracias al mismo grosor.<\/h4>\n<h6>&nbsp;<\/h6>\n<h6>ELEMENTO DE INSPIRACI\u00d3N: Ondas<\/h6>\n<h6>LONGITUD: 15 mm<\/h6>\n<h6>DI\u00c1METRO SECCI\u00d3N: 16 mm<\/h6>\n<\/div>\n\n\n\n<div class=\"wp-block-column is-layout-flow\" style=\"flex-basis:50%\">\n<figure class=\"wp-block-image size-large\"><img decoding=\"async\" loading=\"lazy\" width=\"1024\" height=\"682\" src=\"https:\/\/www.pastamancini.com\/wp-content\/uploads\/2025\/01\/Mancini_Mista_Mafaldina_comb-1024x682.jpg\" alt=\"\" class=\"wp-image-6485\" srcset=\"https:\/\/www.pastamancini.com\/wp-content\/uploads\/2025\/01\/Mancini_Mista_Mafaldina_comb-1024x682.jpg 1024w, https:\/\/www.pastamancini.com\/wp-content\/uploads\/2025\/01\/Mancini_Mista_Mafaldina_comb-300x200.jpg 300w, https:\/\/www.pastamancini.com\/wp-content\/uploads\/2025\/01\/Mancini_Mista_Mafaldina_comb-768x512.jpg 768w, https:\/\/www.pastamancini.com\/wp-content\/uploads\/2025\/01\/Mancini_Mista_Mafaldina_comb-1536x1024.jpg 1536w, https:\/\/www.pastamancini.com\/wp-content\/uploads\/2025\/01\/Mancini_Mista_Mafaldina_comb.jpg 2000w\" sizes=\"(max-width: 1024px) 100vw, 1024px\" \/><\/figure>\n<\/div>\n<\/div>\n<\/div>\n\n\n\n<div class=\"wp-block-cb-slide\">\n<div class=\"wp-block-columns is-layout-flex wp-container-27\">\n<div class=\"wp-block-column is-layout-flow\" style=\"flex-basis:50%\">\n<h2 class=\"wp-block-heading\">Formato 4\/7<\/h2>\n\n\n\n<h2 class=\"wp-block-heading titolo-NM24\">Spaghetto<\/h2>\n\n\n\n<h4>Un hilo de pasta con forma circular y textura siempre reconocible en la boca, incluso en combinaci\u00f3n con otros formatos. Presente para enriquecer la experiencia gastron\u00f3mica de la nueva Mista con el formato hist\u00f3ricamente m\u00e1s representativo de la Pasta Mancini.<\/h4>\n<h6>&nbsp;<\/h6>\n<h6>ELEMENTO DE INSPIRACI\u00d3N: Circulo relleno<\/h6>\n<h6>LONGITUD: 32 mm<\/h6>\n<h6>DI\u00c1METRO 2,3 mm<\/h6>\n<\/div>\n\n\n\n<div class=\"wp-block-column is-layout-flow\" style=\"flex-basis:50%\">\n<figure class=\"wp-block-image size-large\"><img decoding=\"async\" loading=\"lazy\" width=\"1024\" height=\"682\" src=\"https:\/\/www.pastamancini.com\/wp-content\/uploads\/2025\/01\/Mancini_Mista_Spaghetto_comb-1024x682.jpg\" alt=\"\" class=\"wp-image-6470\" srcset=\"https:\/\/www.pastamancini.com\/wp-content\/uploads\/2025\/01\/Mancini_Mista_Spaghetto_comb-1024x682.jpg 1024w, https:\/\/www.pastamancini.com\/wp-content\/uploads\/2025\/01\/Mancini_Mista_Spaghetto_comb-300x200.jpg 300w, https:\/\/www.pastamancini.com\/wp-content\/uploads\/2025\/01\/Mancini_Mista_Spaghetto_comb-768x512.jpg 768w, https:\/\/www.pastamancini.com\/wp-content\/uploads\/2025\/01\/Mancini_Mista_Spaghetto_comb-1536x1024.jpg 1536w, https:\/\/www.pastamancini.com\/wp-content\/uploads\/2025\/01\/Mancini_Mista_Spaghetto_comb.jpg 2000w\" sizes=\"(max-width: 1024px) 100vw, 1024px\" \/><\/figure>\n<\/div>\n<\/div>\n<\/div>\n\n\n\n<div class=\"wp-block-cb-slide\">\n<div class=\"wp-block-columns is-layout-flex wp-container-30\">\n<div class=\"wp-block-column is-layout-flow\" style=\"flex-basis:50%\">\n<h2 class=\"wp-block-heading\">Formato 5\/7<\/h2>\n\n\n\n<h2 class=\"wp-block-heading titolo-NM24\">Casareccia<\/h2>\n\n\n\n<h4>Como una hoja de papel que se desenrolla suavemente, la Casareccia Mancini acoge la salsa en las curvaturas de sus hendiduras y torsiones.<\/h4>\n<h6>&nbsp;<\/h6>\n<h6>ELEMENTO DE INSPIRACI\u00d3N: Curvas intersecadas<\/h6>\n<h6>LONGITUD: 38 mm<\/h6>\n<h6>DI\u00c1METRO SECCI\u00d3N: 8,7 mm<\/h6>\n<\/div>\n\n\n\n<div class=\"wp-block-column is-layout-flow\" style=\"flex-basis:50%\">\n<figure class=\"wp-block-image size-large\"><img decoding=\"async\" loading=\"lazy\" width=\"1024\" height=\"682\" src=\"https:\/\/www.pastamancini.com\/wp-content\/uploads\/2025\/01\/Mancini_Mista_Casareccia_comb-1024x682.jpg\" alt=\"\" class=\"wp-image-6475\" srcset=\"https:\/\/www.pastamancini.com\/wp-content\/uploads\/2025\/01\/Mancini_Mista_Casareccia_comb-1024x682.jpg 1024w, https:\/\/www.pastamancini.com\/wp-content\/uploads\/2025\/01\/Mancini_Mista_Casareccia_comb-300x200.jpg 300w, https:\/\/www.pastamancini.com\/wp-content\/uploads\/2025\/01\/Mancini_Mista_Casareccia_comb-768x512.jpg 768w, https:\/\/www.pastamancini.com\/wp-content\/uploads\/2025\/01\/Mancini_Mista_Casareccia_comb-1536x1024.jpg 1536w, https:\/\/www.pastamancini.com\/wp-content\/uploads\/2025\/01\/Mancini_Mista_Casareccia_comb.jpg 2000w\" sizes=\"(max-width: 1024px) 100vw, 1024px\" \/><\/figure>\n<\/div>\n<\/div>\n<\/div>\n\n\n\n<div class=\"wp-block-cb-slide\">\n<div class=\"wp-block-columns is-layout-flex wp-container-33\">\n<div class=\"wp-block-column is-layout-flow\" style=\"flex-basis:50%\">\n<h2 class=\"wp-block-heading\">Formato 6\/7<\/h2>\n\n\n\n<h2 class=\"wp-block-heading titolo-NM24\">Linguina<\/h2>\n\n\n\n<h4>La inconfundible secci\u00f3n lenticular, ligeramente abombada y rugosa, para disfrutar del placer de la Linguina en una versi\u00f3n menos alargada que la tradicional.<\/h4>\n<h6>&nbsp;<\/h6>\n<h6>ELEMENTO DE INSPIRACI\u00d3N: Elipse<\/h6>\n<h6>LONGITUD: 32 mm<\/h6>\n<h6>DI\u00c1METRO SECCI\u00d3N: 4,2&nbsp;mm<\/h6>\n<\/div>\n\n\n\n<div class=\"wp-block-column is-layout-flow\" style=\"flex-basis:50%\">\n<figure class=\"wp-block-image size-large\"><img decoding=\"async\" loading=\"lazy\" width=\"1024\" height=\"682\" src=\"https:\/\/www.pastamancini.com\/wp-content\/uploads\/2025\/01\/Mancini_Mista_Linguina_comb-1024x682.jpg\" alt=\"\" class=\"wp-image-6465\" srcset=\"https:\/\/www.pastamancini.com\/wp-content\/uploads\/2025\/01\/Mancini_Mista_Linguina_comb-1024x682.jpg 1024w, https:\/\/www.pastamancini.com\/wp-content\/uploads\/2025\/01\/Mancini_Mista_Linguina_comb-300x200.jpg 300w, https:\/\/www.pastamancini.com\/wp-content\/uploads\/2025\/01\/Mancini_Mista_Linguina_comb-768x512.jpg 768w, https:\/\/www.pastamancini.com\/wp-content\/uploads\/2025\/01\/Mancini_Mista_Linguina_comb-1536x1024.jpg 1536w, https:\/\/www.pastamancini.com\/wp-content\/uploads\/2025\/01\/Mancini_Mista_Linguina_comb.jpg 2000w\" sizes=\"(max-width: 1024px) 100vw, 1024px\" \/><\/figure>\n<\/div>\n<\/div>\n<\/div>\n\n\n\n<div class=\"wp-block-cb-slide\">\n<div class=\"wp-block-columns is-layout-flex wp-container-36\">\n<div class=\"wp-block-column is-layout-flow\" style=\"flex-basis:50%\">\n<h2 class=\"wp-block-heading\">Formato 7\/7<\/h2>\n\n\n\n<h1 class=\"wp-block-heading titolo-NM24\">Candela<\/h1>\n\n\n\n<h4>Entre el grosor de este formato tubular y el tama\u00f1o del orificio se ha pensado una proporci\u00f3n que haga agradablemente presente en el paladar la pasta con cada salsa.<\/h4>\n<h6>&nbsp;<\/h6>\n<h6>ELEMENTO DE INSPIRACI\u00d3N: Circulo hueco<\/h6>\n<h6>LONGITUD: 40 mm<\/h6>\n<h6>DI\u00c1METRO:&nbsp;11,5&nbsp;mm<\/h6>\n<\/div>\n\n\n\n<div class=\"wp-block-column is-layout-flow\" style=\"flex-basis:50%\">\n<figure class=\"wp-block-image size-large\"><img decoding=\"async\" loading=\"lazy\" width=\"1024\" height=\"682\" src=\"https:\/\/www.pastamancini.com\/wp-content\/uploads\/2025\/01\/Mancini_Mista_Candela_comb-1024x682.jpg\" alt=\"\" class=\"wp-image-6480\" srcset=\"https:\/\/www.pastamancini.com\/wp-content\/uploads\/2025\/01\/Mancini_Mista_Candela_comb-1024x682.jpg 1024w, https:\/\/www.pastamancini.com\/wp-content\/uploads\/2025\/01\/Mancini_Mista_Candela_comb-300x200.jpg 300w, https:\/\/www.pastamancini.com\/wp-content\/uploads\/2025\/01\/Mancini_Mista_Candela_comb-768x512.jpg 768w, https:\/\/www.pastamancini.com\/wp-content\/uploads\/2025\/01\/Mancini_Mista_Candela_comb-1536x1024.jpg 1536w, https:\/\/www.pastamancini.com\/wp-content\/uploads\/2025\/01\/Mancini_Mista_Candela_comb.jpg 2000w\" sizes=\"(max-width: 1024px) 100vw, 1024px\" \/><\/figure>\n<\/div>\n<\/div>\n<\/div>\n<\/div>\n\n\n\n<div style=\"height:75px\" aria-hidden=\"true\" class=\"wp-block-spacer\"><\/div>\n\n\n\n<div class=\"wp-block-columns is-layout-flex wp-container-38\">\n<div class=\"wp-block-column fade-in-left is-layout-flow\" style=\"flex-basis:100%\" id=\"storia-nonno\">\n<h1 class=\"wp-block-heading has-text-align-center titolo-NM24\"><strong>7 FORMATOS, UN TROQUEL<\/strong>.<\/h1>\n\n\n\n<h3>&nbsp;<\/h3>\n<h3 style=\"text-align: center;\">Un solo troquel para expresar en 7 formas diferentes<\/h3>\n<h3 style=\"text-align: center;\">la sustancia com\u00fan:<\/h3>\n<h3 style=\"text-align: center;\">el sabor de trigo t\u00edpico de la pasta agr\u00edcola Mancini.&nbsp;<\/h3>\n<p><\/p>\n<\/div>\n<\/div>\n\n\n\n<div class=\"wp-block-columns is-layout-flex wp-container-40\">\n<div class=\"wp-block-column fade-in-right is-layout-flow\" style=\"flex-basis:100%\">\n<figure class=\"wp-block-image size-full fade-in-right\"><img decoding=\"async\" loading=\"lazy\" width=\"1350\" height=\"1000\" src=\"https:\/\/www.pastamancini.com\/wp-content\/uploads\/2025\/01\/Mancini_Trafila_Mista.gif\" alt=\"trafila pasta mista Mancini con inserti in bronzo e i 7 formati di pasta\" class=\"wp-image-6433\"\/><\/figure>\n<\/div>\n<\/div>\n\n\n\n<div class=\"wp-block-columns is-layout-flex wp-container-45\">\n<div class=\"wp-block-column is-layout-flow\" style=\"flex-basis:5%\"><\/div>\n\n\n\n<div class=\"wp-block-column fade-in-left is-layout-flow\" style=\"flex-basis:44.32%\">\n<h1 class=\"wp-block-heading titolo-NM24\">Una pasta tradicional y de recuperaci\u00f3n, revisitada en clave gastron\u00f3mica.<\/h1>\n\n\n\n<div style=\"height:23px\" aria-hidden=\"true\" class=\"wp-block-spacer\"><\/div>\n\n\n\n<h5 class=\"wp-block-heading\">La \u00abmista\u00bb o \u00abmischiata\u00bb cuenta con una larga tradici\u00f3n culinaria, originada en las regiones del sur de Italia.  <\/h5>\n\n\n\n<h5 class=\"wp-block-heading\">La que anta\u00f1o era una pasta constituida por una mezcla de formatos de diversas formas y tama\u00f1os, recuperados de las alacenas de las casas de las familias, con la Mista Mancini se convierte en una pasta con una identidad gastron\u00f3mica nueva.  <\/h5>\n\n\n\n<h5 class=\"wp-block-heading\">Los 7 formatos de la Mista Mancini se obtienen, de hecho, de la extrusi\u00f3n de la masa de un \u00fanico troquel y se secan durante 22 horas, de manera uniforme, con una receta com\u00fan a bajas temperaturas (m\u00edn. 36\u00b0C y m\u00e1x. 55\u00b0C).s.<\/h5>\n\n\n\n<div style=\"height:48px\" aria-hidden=\"true\" class=\"wp-block-spacer\"><\/div>\n\n\n\n<table style=\"width: 100%;\">\n<tbody>\n<tr>\n<td><img decoding=\"async\" src=\"https:\/\/www.pastamancini.com\/wp-content\/uploads\/2025\/01\/Icona_TempoCottura_mista.png\" alt=\"\" \/><\/td>\n<td>Tiempo de cocci\u00f3n 8-9 minutos<\/td>\n<\/tr>\n<tr>\n<td><img decoding=\"async\" src=\"https:\/\/www.pastamancini.com\/wp-content\/uploads\/2025\/01\/Icona-Essiccazione_mista.png\" alt=\"\" \/><\/td>\n<td>Tiempo de secado 22 horas<\/td>\n<\/tr>\n<\/tbody>\n<\/table>\n<\/div>\n\n\n\n<div class=\"wp-block-column fade-in-right is-layout-flow\" style=\"flex-basis:30.68%\">\n<video width=\"100%\" height=\"auto\" autoplay loop muted>\r\n    <source src=\"\/wp-content\/uploads\/2025\/01\/PRODUZIONE_PASTA-MISTA_V.mp4\" type=\"video\/mp4\">\r\n    Your browser does not support the video tag.\r\n<\/video>\n<\/div>\n\n\n\n<div class=\"wp-block-column is-layout-flow\" style=\"flex-basis:5%\"><\/div>\n<\/div>\n\n\n\n<div class=\"wp-block-columns fade-in-left is-layout-flex wp-container-49\">\n<div class=\"wp-block-column is-layout-flow\" style=\"flex-basis:15%\"><\/div>\n\n\n\n<div class=\"wp-block-column is-layout-flow\" style=\"flex-basis:70%\" id=\"storia-nonno\">\n<h1 class=\"wp-block-heading has-text-align-center titolo-NM24\">L&#8217;inspiraci\u00f3n, el proyecto, la tecnica<\/h1>\n\n\n\n<h1 class=\"wp-block-heading has-text-align-center titolo-NM24\">detr\u00e1s de la \u00abMista\u00bb Mancini<\/h1>\n<\/div>\n\n\n\n<div class=\"wp-block-column is-layout-flow\" style=\"flex-basis:15%\"><\/div>\n<\/div>\n\n\n\n<div class=\"wp-block-columns fade-in-right is-layout-flex wp-container-51\">\n<div class=\"wp-block-column is-layout-flow\" style=\"flex-basis:100%\">\n<video width=\"100%\" height=\"auto\" controls playsinline poster=\"\/wp-content\/uploads\/2025\/01\/Copertina-Mancini-Mista_1.png\">\r\n    <source src=\"\/wp-content\/uploads\/2025\/02\/Video_Mista_Mancini_long_subeng.mp4\" type=\"video\/mp4\">\r\n    Your browser does not support the video tag.\r\n<\/video>\n<\/div>\n<\/div>\n\n\n\n<div class=\"wp-block-columns is-layout-flex wp-container-53\">\n<div class=\"wp-block-column is-layout-flow\">\n<figure class=\"wp-block-image size-full is-resized\"><img decoding=\"async\" loading=\"lazy\" src=\"https:\/\/www.pastamancini.com\/wp-content\/uploads\/2025\/02\/Mappa-concettuale_MistaMancini.jpg\" alt=\"La mappa concettuale dietro lo sviluppo della Pasta Mista Mancini\" class=\"wp-image-6805\" width=\"800\" height=\"800\" srcset=\"https:\/\/www.pastamancini.com\/wp-content\/uploads\/2025\/02\/Mappa-concettuale_MistaMancini.jpg 800w, https:\/\/www.pastamancini.com\/wp-content\/uploads\/2025\/02\/Mappa-concettuale_MistaMancini-300x300.jpg 300w, https:\/\/www.pastamancini.com\/wp-content\/uploads\/2025\/02\/Mappa-concettuale_MistaMancini-150x150.jpg 150w, https:\/\/www.pastamancini.com\/wp-content\/uploads\/2025\/02\/Mappa-concettuale_MistaMancini-768x768.jpg 768w\" sizes=\"(max-width: 800px) 100vw, 800px\" \/><\/figure>\n<\/div>\n<\/div>\n\n\n\n<div class=\"wp-block-columns fade-in-left is-layout-flex wp-container-57\">\n<div class=\"wp-block-column is-layout-flow\" style=\"flex-basis:15%\"><\/div>\n\n\n\n<div class=\"wp-block-column fade-in-left is-layout-flow\" style=\"flex-basis:70%\" id=\"storia-nonno\">\n<h1 class=\"wp-block-heading has-text-align-center titolo-NM24\">\u00ab<strong>En la pasta, <\/strong><\/h1>\n\n\n\n<h1 class=\"wp-block-heading has-text-align-center titolo-NM24\"><strong>la forma cuenta <\/strong><\/h1>\n\n\n\n<h1 class=\"wp-block-heading has-text-align-center titolo-NM24\"><strong>tanto como la sustancia<\/strong>\u00ab<\/h1>\n\n\n\n<h3 style=\"text-align: center;\">&nbsp;<\/h3>\n<\/div>\n\n\n\n<div class=\"wp-block-column is-layout-flow\" style=\"flex-basis:15%\"><\/div>\n<\/div>\n\n\n\n<div class=\"wp-block-columns are-vertically-aligned-center fade-in-right is-layout-flex wp-container-61\">\n<div class=\"wp-block-column is-layout-flow\" style=\"flex-basis:20%\"><\/div>\n\n\n\n<div class=\"wp-block-column is-vertically-aligned-center is-layout-flow\" style=\"flex-basis:60%\"><div class=\"wp-block-image\">\n<figure class=\"aligncenter size-large\"><img decoding=\"async\" loading=\"lazy\" width=\"1024\" height=\"1024\" src=\"https:\/\/www.pastamancini.com\/wp-content\/uploads\/2025\/01\/Piatto_Mista_1350-1024x1024.png\" alt=\"Pasta Mista Mancini\" class=\"wp-image-6554\" srcset=\"https:\/\/www.pastamancini.com\/wp-content\/uploads\/2025\/01\/Piatto_Mista_1350-1024x1024.png 1024w, https:\/\/www.pastamancini.com\/wp-content\/uploads\/2025\/01\/Piatto_Mista_1350-300x300.png 300w, https:\/\/www.pastamancini.com\/wp-content\/uploads\/2025\/01\/Piatto_Mista_1350-150x150.png 150w, https:\/\/www.pastamancini.com\/wp-content\/uploads\/2025\/01\/Piatto_Mista_1350-768x768.png 768w, https:\/\/www.pastamancini.com\/wp-content\/uploads\/2025\/01\/Piatto_Mista_1350.png 1350w\" sizes=\"(max-width: 1024px) 100vw, 1024px\" \/><\/figure><\/div><\/div>\n\n\n\n<div class=\"wp-block-column is-layout-flow\" style=\"flex-basis:20%\"><\/div>\n<\/div>\n\n\n\n<div class=\"wp-block-columns fade-in-left is-layout-flex wp-container-65\">\n<div class=\"wp-block-column is-layout-flow\" style=\"flex-basis:15%\"><\/div>\n\n\n\n<div class=\"wp-block-column fade-in-left is-layout-flow\" style=\"flex-basis:70%\" id=\"storia-nonno\">\n<h2 style=\"text-align: center;\"><strong><span class=\"OYPEnA font-feature-liga-off font-feature-clig-off font-feature-calt-off text-decoration-none text-strikethrough-none\">Con la Mista, cada plato es una invitaci\u00f3n a experimentar.<\/span><\/strong><\/h2>\n<p>\u00a0<\/p>\n<h2 style=\"text-align: center;\"><span class=\"OYPEnA font-feature-liga-off font-feature-clig-off font-feature-calt-off text-decoration-none text-strikethrough-none\">Descubre <strong>7 recetas originales<\/strong> con combinaciones sorprendentes y explora con Pasta Mancini la libertad de cocinar de manera creativa.<\/span><\/h2>\n<p>\u00a0<\/p>\n<p class=\"button-link-content\" style=\"text-align: center;\"><strong><a class=\"button-link\" href=\"https:\/\/www.pastamancini.com\/es\/recetas-pasta-mista\/\">Descubre las recetas<\/a><\/strong><\/p>\n<\/div>\n\n\n\n<div class=\"wp-block-column is-layout-flow\" style=\"flex-basis:15%\"><\/div>\n<\/div>\n\n\n\n<div class=\"wp-block-columns is-layout-flex wp-container-67\">\n<div class=\"wp-block-column block-NM is-layout-flow\">\n<div class=\"container\">\n     <div class=\"container\">\n        <div class=\"row ipsType_center mt-lg-3\">\n    <div class=\"col-md-1\"><\/div>\n    <div class=\"col-md-10\">\n\t<div class=\"relevant-text pt-3 pb-lg-3\">\n\n\t<p style=\"color:#fff!important;\">\u00abMista\u00bb es el nuevo formato 2025 de la Pasta Agricola Mancini. \u00bfListos para descubrir sensaciones \u00fanicas en el paladar?<\/p>\n          <\/div>\n        <div class=\"col-md-4\"><\/div>\n\t<div class=\"btn-container-newsletter col-md-4 offset-md-4\">\n      <div class=\"button-link-content\">\n        <a href=\"https:\/\/shop.pastamancini.com\/es\/products\/mista\" class=\"button-link big-button-link w-100\" target=\"_blank\" rel=\"noopener\">Compra ahora<\/a>\n      <\/div>\n\t  <\/div>\n    <\/div>\n    <div class=\"col-md-1\"><\/div>\n  <\/div>\n    <\/div>\n    <\/div>\n<\/div>\n<\/div>\n","protected":false},"excerpt":{"rendered":"<p>Your browser does not support the video tag. Your browser does not support the video tag. SIN FORMA, LA PASTA NO EXISTE Consistencias, grosores y dimensiones de 7 geometr\u00edas se combinan en el paladar en una combinaci\u00f3n siempre diferente, especialmente estudiada para estimular sensaciones gastron\u00f3micas \u00fanicas. \u00a0 En la pasta, la forma gu\u00eda el sabor;\u00a0en [&#8230;]<\/p>\n<p><a class=\"btn btn-secondary understrap-read-more-link\" href=\"https:\/\/www.pastamancini.com\/es\/pasta-mista\/\">Leer m\u00e1s&#8230;<\/a><\/p>\n","protected":false},"author":2,"featured_media":0,"parent":0,"menu_order":0,"comment_status":"closed","ping_status":"closed","template":"page-templates\/empty.php","meta":{"inline_featured_image":false},"acf":[],"yoast_head":"<!-- This site is optimized with the Yoast SEO plugin v20.12 - https:\/\/yoast.com\/wordpress\/plugins\/seo\/ -->\n<title>Mista Mancini - Pasta Mancini<\/title>\n<meta name=\"description\" content=\"Un unico troquel da forma a la Mista Mancini: 7 geometr\u00edas de pasta diferentes se combinan en el paladar para crear sensaciones gastron\u00f3micas \u00fanicas.\" \/>\n<meta name=\"robots\" content=\"index, follow, max-snippet:-1, max-image-preview:large, max-video-preview:-1\" \/>\n<link rel=\"canonical\" href=\"https:\/\/www.pastamancini.com\/es\/pasta-mista\/\" \/>\n<meta property=\"og:locale\" content=\"es_ES\" \/>\n<meta property=\"og:type\" content=\"article\" \/>\n<meta property=\"og:title\" content=\"Mista Mancini - Pasta Mancini\" \/>\n<meta property=\"og:description\" content=\"Un unico troquel da forma a la Mista Mancini: 7 geometr\u00edas de pasta diferentes se combinan en el paladar para crear sensaciones gastron\u00f3micas \u00fanicas.\" \/>\n<meta property=\"og:url\" content=\"https:\/\/www.pastamancini.com\/es\/pasta-mista\/\" \/>\n<meta property=\"og:site_name\" content=\"Pasta Mancini\" \/>\n<meta property=\"article:publisher\" content=\"https:\/\/www.facebook.com\/pastamancini\/\" \/>\n<meta property=\"article:modified_time\" content=\"2025-05-19T10:16:28+00:00\" \/>\n<meta property=\"og:image\" content=\"https:\/\/www.pastamancini.com\/wp-content\/uploads\/2025\/01\/Composizione1-mista-1024x1024.png\" \/>\n<meta name=\"twitter:card\" content=\"summary_large_image\" \/>\n<meta name=\"twitter:label1\" content=\"Tiempo de lectura\" \/>\n\t<meta name=\"twitter:data1\" content=\"8 minutos\" \/>\n<script type=\"application\/ld+json\" class=\"yoast-schema-graph\">{\"@context\":\"https:\/\/schema.org\",\"@graph\":[{\"@type\":\"WebPage\",\"@id\":\"https:\/\/www.pastamancini.com\/es\/pasta-mista\/\",\"url\":\"https:\/\/www.pastamancini.com\/es\/pasta-mista\/\",\"name\":\"Mista Mancini - Pasta Mancini\",\"isPartOf\":{\"@id\":\"https:\/\/www.pastamancini.com\/es\/#website\"},\"datePublished\":\"2025-02-11T15:04:20+00:00\",\"dateModified\":\"2025-05-19T10:16:28+00:00\",\"description\":\"Un unico troquel da forma a la Mista Mancini: 7 geometr\u00edas de pasta diferentes se combinan en el paladar para crear sensaciones gastron\u00f3micas \u00fanicas.\",\"breadcrumb\":{\"@id\":\"https:\/\/www.pastamancini.com\/es\/pasta-mista\/#breadcrumb\"},\"inLanguage\":\"es\",\"potentialAction\":[{\"@type\":\"ReadAction\",\"target\":[\"https:\/\/www.pastamancini.com\/es\/pasta-mista\/\"]}]},{\"@type\":\"BreadcrumbList\",\"@id\":\"https:\/\/www.pastamancini.com\/es\/pasta-mista\/#breadcrumb\",\"itemListElement\":[{\"@type\":\"ListItem\",\"position\":1,\"name\":\"Home\",\"item\":\"https:\/\/www.pastamancini.com\/es\/\"},{\"@type\":\"ListItem\",\"position\":2,\"name\":\"Mista Mancini\"}]},{\"@type\":\"WebSite\",\"@id\":\"https:\/\/www.pastamancini.com\/es\/#website\",\"url\":\"https:\/\/www.pastamancini.com\/es\/\",\"name\":\"Pasta Mancini\",\"description\":\"Pasta Mancini: pasta artigianale italiana di qualit\u00e0. Coltivatori di grano dal 1938. Entra nel sito e scopri tutti i nostri prodotti.\",\"publisher\":{\"@id\":\"https:\/\/www.pastamancini.com\/es\/#organization\"},\"potentialAction\":[{\"@type\":\"SearchAction\",\"target\":{\"@type\":\"EntryPoint\",\"urlTemplate\":\"https:\/\/www.pastamancini.com\/es\/?s={search_term_string}\"},\"query-input\":\"required name=search_term_string\"}],\"inLanguage\":\"es\"},{\"@type\":\"Organization\",\"@id\":\"https:\/\/www.pastamancini.com\/es\/#organization\",\"name\":\"AZIENDA AGRICOLA MANCINI SOCIET\u00c0 AGRICOLA SRL\",\"url\":\"https:\/\/www.pastamancini.com\/es\/\",\"logo\":{\"@type\":\"ImageObject\",\"inLanguage\":\"es\",\"@id\":\"https:\/\/www.pastamancini.com\/es\/#\/schema\/logo\/image\/\",\"url\":\"https:\/\/www.pastamancini.com\/wp-content\/uploads\/2021\/11\/logo-social.jpg\",\"contentUrl\":\"https:\/\/www.pastamancini.com\/wp-content\/uploads\/2021\/11\/logo-social.jpg\",\"width\":228,\"height\":155,\"caption\":\"AZIENDA AGRICOLA MANCINI SOCIET\u00c0 AGRICOLA SRL\"},\"image\":{\"@id\":\"https:\/\/www.pastamancini.com\/es\/#\/schema\/logo\/image\/\"},\"sameAs\":[\"https:\/\/www.facebook.com\/pastamancini\/\",\"https:\/\/www.instagram.com\/pastamancini\/\",\"https:\/\/it.linkedin.com\/company\/mancini-pastificio-agricolo\/\"]}]}<\/script>\n<!-- \/ Yoast SEO plugin. -->","yoast_head_json":{"title":"Mista Mancini - Pasta Mancini","description":"Un unico troquel da forma a la Mista Mancini: 7 geometr\u00edas de pasta diferentes se combinan en el paladar para crear sensaciones gastron\u00f3micas \u00fanicas.","robots":{"index":"index","follow":"follow","max-snippet":"max-snippet:-1","max-image-preview":"max-image-preview:large","max-video-preview":"max-video-preview:-1"},"canonical":"https:\/\/www.pastamancini.com\/es\/pasta-mista\/","og_locale":"es_ES","og_type":"article","og_title":"Mista Mancini - Pasta Mancini","og_description":"Un unico troquel da forma a la Mista Mancini: 7 geometr\u00edas de pasta diferentes se combinan en el paladar para crear sensaciones gastron\u00f3micas \u00fanicas.","og_url":"https:\/\/www.pastamancini.com\/es\/pasta-mista\/","og_site_name":"Pasta Mancini","article_publisher":"https:\/\/www.facebook.com\/pastamancini\/","article_modified_time":"2025-05-19T10:16:28+00:00","og_image":[{"url":"https:\/\/www.pastamancini.com\/wp-content\/uploads\/2025\/01\/Composizione1-mista-1024x1024.png"}],"twitter_card":"summary_large_image","twitter_misc":{"Tiempo de lectura":"8 minutos"},"schema":{"@context":"https:\/\/schema.org","@graph":[{"@type":"WebPage","@id":"https:\/\/www.pastamancini.com\/es\/pasta-mista\/","url":"https:\/\/www.pastamancini.com\/es\/pasta-mista\/","name":"Mista Mancini - Pasta Mancini","isPartOf":{"@id":"https:\/\/www.pastamancini.com\/es\/#website"},"datePublished":"2025-02-11T15:04:20+00:00","dateModified":"2025-05-19T10:16:28+00:00","description":"Un unico troquel da forma a la Mista Mancini: 7 geometr\u00edas de pasta diferentes se combinan en el paladar para crear sensaciones gastron\u00f3micas \u00fanicas.","breadcrumb":{"@id":"https:\/\/www.pastamancini.com\/es\/pasta-mista\/#breadcrumb"},"inLanguage":"es","potentialAction":[{"@type":"ReadAction","target":["https:\/\/www.pastamancini.com\/es\/pasta-mista\/"]}]},{"@type":"BreadcrumbList","@id":"https:\/\/www.pastamancini.com\/es\/pasta-mista\/#breadcrumb","itemListElement":[{"@type":"ListItem","position":1,"name":"Home","item":"https:\/\/www.pastamancini.com\/es\/"},{"@type":"ListItem","position":2,"name":"Mista Mancini"}]},{"@type":"WebSite","@id":"https:\/\/www.pastamancini.com\/es\/#website","url":"https:\/\/www.pastamancini.com\/es\/","name":"Pasta Mancini","description":"Pasta Mancini: pasta artigianale italiana di qualit\u00e0. Coltivatori di grano dal 1938. Entra nel sito e scopri tutti i nostri prodotti.","publisher":{"@id":"https:\/\/www.pastamancini.com\/es\/#organization"},"potentialAction":[{"@type":"SearchAction","target":{"@type":"EntryPoint","urlTemplate":"https:\/\/www.pastamancini.com\/es\/?s={search_term_string}"},"query-input":"required name=search_term_string"}],"inLanguage":"es"},{"@type":"Organization","@id":"https:\/\/www.pastamancini.com\/es\/#organization","name":"AZIENDA AGRICOLA MANCINI SOCIET\u00c0 AGRICOLA SRL","url":"https:\/\/www.pastamancini.com\/es\/","logo":{"@type":"ImageObject","inLanguage":"es","@id":"https:\/\/www.pastamancini.com\/es\/#\/schema\/logo\/image\/","url":"https:\/\/www.pastamancini.com\/wp-content\/uploads\/2021\/11\/logo-social.jpg","contentUrl":"https:\/\/www.pastamancini.com\/wp-content\/uploads\/2021\/11\/logo-social.jpg","width":228,"height":155,"caption":"AZIENDA AGRICOLA MANCINI SOCIET\u00c0 AGRICOLA SRL"},"image":{"@id":"https:\/\/www.pastamancini.com\/es\/#\/schema\/logo\/image\/"},"sameAs":["https:\/\/www.facebook.com\/pastamancini\/","https:\/\/www.instagram.com\/pastamancini\/","https:\/\/it.linkedin.com\/company\/mancini-pastificio-agricolo\/"]}]}},"_links":{"self":[{"href":"https:\/\/www.pastamancini.com\/es\/wp-json\/wp\/v2\/pages\/6223"}],"collection":[{"href":"https:\/\/www.pastamancini.com\/es\/wp-json\/wp\/v2\/pages"}],"about":[{"href":"https:\/\/www.pastamancini.com\/es\/wp-json\/wp\/v2\/types\/page"}],"author":[{"embeddable":true,"href":"https:\/\/www.pastamancini.com\/es\/wp-json\/wp\/v2\/users\/2"}],"replies":[{"embeddable":true,"href":"https:\/\/www.pastamancini.com\/es\/wp-json\/wp\/v2\/comments?post=6223"}],"version-history":[{"count":31,"href":"https:\/\/www.pastamancini.com\/es\/wp-json\/wp\/v2\/pages\/6223\/revisions"}],"predecessor-version":[{"id":8531,"href":"https:\/\/www.pastamancini.com\/es\/wp-json\/wp\/v2\/pages\/6223\/revisions\/8531"}],"wp:attachment":[{"href":"https:\/\/www.pastamancini.com\/es\/wp-json\/wp\/v2\/media?parent=6223"}],"curies":[{"name":"wp","href":"https:\/\/api.w.org\/{rel}","templated":true}]}}